{"id":68,"date":"2022-12-14T15:33:34","date_gmt":"2022-12-14T15:33:34","guid":{"rendered":"https:\/\/helenachacon.com\/?page_id=68"},"modified":"2026-07-20T17:55:02","modified_gmt":"2026-07-20T17:55:02","slug":"who","status":"publish","type":"page","link":"https:\/\/helenachacon.com\/en\/quien\/","title":{"rendered":"Helena Chac\u00f3n, PhD"},"content":{"rendered":"<h4 class=\"wp-block-heading has-text-align-center\">PhD in Geology, Yoga Instructor and Nature Illustrator<\/h4>\n\n\n\n<h2 class=\"wp-block-heading has-text-align-center\">Helena Chac\u00f3n, PhD<\/h2>\n\n\n\n<p class=\"has-text-align-center wp-block-paragraph\" style=\"margin-right:var(--wp--preset--spacing--70);margin-left:var(--wp--preset--spacing--70);font-size:clamp(14px, 0.875rem + ((1vw - 3.2px) * 0.33), 17px);\">All my life I have been asking the same question from different perspectives: how does one inhabit a body, how does one inhabit a territory, how does one learn to look at what sustains us? First, I explored and researched planet Earth; then the body; and now the connections between them. <\/p>\n\n\n\n<figure class=\"wp-block-image aligncenter size-large is-resized\"><img fetchpriority=\"high\" decoding=\"async\" width=\"2560\" height=\"1440\" src=\"https:\/\/helenachacon.com\/wp-content\/uploads\/2022\/12\/helena-web-11-edited-scaled.jpg\" alt=\"\" class=\"wp-image-397\" style=\"width:656px;height:369px\" srcset=\"https:\/\/helenachacon.com\/wp-content\/uploads\/2022\/12\/helena-web-11-edited-scaled.jpg 2560w, https:\/\/helenachacon.com\/wp-content\/uploads\/2022\/12\/helena-web-11-edited-300x169.jpg 300w, https:\/\/helenachacon.com\/wp-content\/uploads\/2022\/12\/helena-web-11-edited-1024x576.jpg 1024w, https:\/\/helenachacon.com\/wp-content\/uploads\/2022\/12\/helena-web-11-edited-768x432.jpg 768w, https:\/\/helenachacon.com\/wp-content\/uploads\/2022\/12\/helena-web-11-edited-1536x864.jpg 1536w, https:\/\/helenachacon.com\/wp-content\/uploads\/2022\/12\/helena-web-11-edited-2048x1152.jpg 2048w\" sizes=\"(max-width: 2560px) 100vw, 2560px\" \/><\/figure>\n\n\n\n<div style=\"height:25px\" aria-hidden=\"true\" class=\"wp-block-spacer\"><\/div>\n\n\n\n<h4 class=\"wp-block-heading has-text-align-center\">The story<\/h4>\n\n\n\n<p class=\"has-text-align-center wp-block-paragraph\" style=\"font-size:clamp(15.747px, 0.984rem + ((1vw - 3.2px) * 0.907), 24px);\"><em><strong>Science and Sensibility<\/strong><\/em><\/p>\n\n\n\n<p class=\"has-text-align-center wp-block-paragraph\" style=\"margin-right:var(--wp--preset--spacing--70);margin-left:var(--wp--preset--spacing--70);font-size:clamp(14px, 0.875rem + ((1vw - 3.2px) * 0.33), 17px);\">Ever since I was a child, I\u2019ve been curious, restless and very sensitive \u2014 what is now known as a highly sensitive person. That sensitivity and my analytical mind didn\u2019t sit well together, and for years I thought I had to choose between the two.<\/p>\n\n\n\n<p class=\"has-text-align-center wp-block-paragraph\" style=\"margin-right:var(--wp--preset--spacing--70);margin-left:var(--wp--preset--spacing--70);font-size:clamp(14px, 0.875rem + ((1vw - 3.2px) * 0.33), 17px);\">My fascination with nature led me to complete a degree in Geology at the University of Huelva in 2000 and to obtain my PhD in 2006 with a thesis on Petrology and Geochemistry that received European recognition. In the middle of my degree, at the age of twenty, I went through an anxiety crisis which was treated with medication for a year. I now realise that it was one of the best things that ever happened to me: I realised that an anti-anxiety medication wouldn\u2019t resolve that conflict, and I began practising yoga in search of a way out \u2013 a discipline that has been with me ever since.<\/p>\n\n\n\n<p class=\"has-text-align-center wp-block-paragraph\" style=\"margin-right:var(--wp--preset--spacing--70);margin-left:var(--wp--preset--spacing--70);font-size:clamp(14px, 0.875rem + ((1vw - 3.2px) * 0.33), 17px);\">Geology taught me that the Earth has undergone all manner of processes \u2013 rapid and slow, local and global \u2013 as well as cycles, changes and periods of stillness. Yoga taught me that human beings also go through different processes and that we are not so different from the planet that sustains us. <\/p>\n\n\n\n<div style=\"height:25px\" aria-hidden=\"true\" class=\"wp-block-spacer\"><\/div>\n\n\n\n<p class=\"has-text-align-center wp-block-paragraph\" style=\"font-size:clamp(15.747px, 0.984rem + ((1vw - 3.2px) * 0.907), 24px);\"><em><strong>Change of course<\/strong><\/em><\/p>\n\n\n\n<p class=\"has-text-align-center wp-block-paragraph\" style=\"margin-right:var(--wp--preset--spacing--70);margin-left:var(--wp--preset--spacing--70);font-size:clamp(14px, 0.875rem + ((1vw - 3.2px) * 0.33), 17px);\">In March 2006, I completed my doctoral thesis and left the academic world to devote myself professionally to yoga and natural therapies. It was neither easy nor quick: I found far more doors closed than open. But some people put their trust in me, and that enabled me to forge a career that began with training in natural health disciplines such as Traditional Chinese Medicine, Ayurveda, aromatherapy, manual therapies, forest bathing\u2026 and, over time, to develop my own methodological approaches.<\/p>\n\n\n\n<p class=\"has-text-align-center wp-block-paragraph\" style=\"margin-right:var(--wp--preset--spacing--70);margin-left:var(--wp--preset--spacing--70);font-size:clamp(14px, 0.875rem + ((1vw - 3.2px) * 0.33), 17px);\">In 2009, I met Javier Muriel, who is now my partner and business partner. In 2010, we opened a yoga and therapy centre together in Huelva, which remained open until 2019. It was there that, in 2014, Holistic EcoYoga \u2014 HEY, a school and system of integrative yoga, was launched.<\/p>\n\n\n\n<div style=\"height:25px\" aria-hidden=\"true\" class=\"wp-block-spacer\"><\/div>\n\n\n\n<p class=\"has-text-align-center wp-block-paragraph\" style=\"font-size:clamp(15.747px, 0.984rem + ((1vw - 3.2px) * 0.907), 24px);\"><em><strong>Return to the territory<\/strong><\/em><\/p>\n\n\n\n<p class=\"has-text-align-center wp-block-paragraph\" style=\"margin-right:var(--wp--preset--spacing--70);margin-left:var(--wp--preset--spacing--70);font-size:clamp(14px, 0.875rem + ((1vw - 3.2px) * 0.33), 17px);\">In 2018, we moved to the Sierra de Huelva in search of a life more in tune with what we were teaching. Four years later, we had the opportunity to live on a farm in San Vicente de Alc\u00e1ntara, where we built a yurt and ran training courses, workshops, forest bathing sessions, nature trails and so on. But after three years there, we decided, in the summer of 2025, to return to the Sierra de Aracena, specifically to Navahermosa, a hamlet in Galaroza. Here we run in-person activities and broadcast online. This landscape \u2014 its rock, its forest, its water \u2014 is now a fundamental part of our work.<\/p>\n\n\n\n<div style=\"height:25px\" aria-hidden=\"true\" class=\"wp-block-spacer\"><\/div>\n\n\n\n<p class=\"has-text-align-center wp-block-paragraph\" style=\"font-size:clamp(15.747px, 0.984rem + ((1vw - 3.2px) * 0.907), 24px);\"><em><strong>Drawing what you see<\/strong><\/em><\/p>\n\n\n\n<p class=\"has-text-align-center wp-block-paragraph\" style=\"margin-right:var(--wp--preset--spacing--70);margin-left:var(--wp--preset--spacing--70);font-size:clamp(14px, 0.875rem + ((1vw - 3.2px) * 0.33), 17px);\">Drawing is both the newest and, at the same time, the oldest form of art. I used to draw a lot as a child until my responsibilities took me away from it. A personal crisis led me to take up drawing again through field sketchbooks and naturalist illustration. Drawing allows me to observe, to look slowly, to appreciate details, to be surprised by what I see\u2026 and, of course, to relieve stress. <\/p>\n\n\n\n<p class=\"has-text-align-center wp-block-paragraph\" style=\"margin-right:var(--wp--preset--spacing--70);margin-left:var(--wp--preset--spacing--70);font-size:clamp(14px, 0.875rem + ((1vw - 3.2px) * 0.33), 17px);\">I specialise in nature and geological illustration, and I keep a nature diary as a way of practising observation. This is an area that will become increasingly important over the coming months, as it brings full circle what I want to convey: experiencing the land, understanding it and recording it.<\/p>\n\n\n\n<div style=\"height:37px\" aria-hidden=\"true\" class=\"wp-block-spacer\"><\/div>\n\n\n\n<figure class=\"wp-block-image aligncenter size-large is-resized\"><img decoding=\"async\" width=\"2560\" height=\"1440\" src=\"https:\/\/helenachacon.com\/wp-content\/uploads\/2022\/12\/Foto-para-Yang-Yoga-edited-scaled.jpg\" alt=\"\" class=\"wp-image-400\" style=\"width:618px;height:347px\" srcset=\"https:\/\/helenachacon.com\/wp-content\/uploads\/2022\/12\/Foto-para-Yang-Yoga-edited-scaled.jpg 2560w, https:\/\/helenachacon.com\/wp-content\/uploads\/2022\/12\/Foto-para-Yang-Yoga-edited-300x169.jpg 300w, https:\/\/helenachacon.com\/wp-content\/uploads\/2022\/12\/Foto-para-Yang-Yoga-edited-1024x576.jpg 1024w, https:\/\/helenachacon.com\/wp-content\/uploads\/2022\/12\/Foto-para-Yang-Yoga-edited-768x432.jpg 768w, https:\/\/helenachacon.com\/wp-content\/uploads\/2022\/12\/Foto-para-Yang-Yoga-edited-1536x864.jpg 1536w, https:\/\/helenachacon.com\/wp-content\/uploads\/2022\/12\/Foto-para-Yang-Yoga-edited-2048x1152.jpg 2048w\" sizes=\"(max-width: 2560px) 100vw, 2560px\" \/><\/figure>\n\n\n\n<div style=\"height:37px\" aria-hidden=\"true\" class=\"wp-block-spacer\"><\/div>\n\n\n\n<h4 class=\"wp-block-heading has-text-align-center\">Part of a wider ecosystem<\/h4>\n\n\n\n<h2 class=\"wp-block-heading has-text-align-center\">Hol\u00edstica Nature<\/h2>\n\n\n\n<div class=\"wp-block-buttons is-content-justification-center is-layout-flex wp-container-core-buttons-is-layout-3e41869c wp-block-buttons-is-layout-flex\">\n<div class=\"wp-block-button\"><a class=\"wp-block-button__link has-white-color has-text-color has-background has-link-color has-custom-font-size wp-element-button\" href=\"http:\/\/holisticanature.com\/\" style=\"border-radius:9px;background-color:#507511;font-size:clamp(14.642px, 0.915rem + ((1vw - 3.2px) * 0.809), 22px);\"><strong>NATURE HOLISTIC WEBSITE<\/strong><\/a><\/div>\n<\/div>\n\n\n\n<div style=\"height:22px\" aria-hidden=\"true\" class=\"wp-block-spacer\"><\/div>\n\n\n\n<p class=\"has-text-align-center wp-block-paragraph\" style=\"margin-right:var(--wp--preset--spacing--70);margin-left:var(--wp--preset--spacing--70);font-size:clamp(14px, 0.875rem + ((1vw - 3.2px) * 0.33), 17px);\">I co-direct with Javier Muriel <em>Hol\u00edstica Nature, Ecotourism, Training and Wellbeing SL<\/em>, School of Human Ecology. Three schools operate under the same roof:<\/p>\n\n\n\n<div style=\"height:37px\" aria-hidden=\"true\" class=\"wp-block-spacer\"><\/div>\n\n\n\n<p class=\"has-text-align-center wp-block-paragraph\" style=\"font-size:clamp(15.747px, 0.984rem + ((1vw - 3.2px) * 0.907), 24px);\"><em><strong>Holistic EcoYoga<\/strong><\/em><\/p>\n\n\n\n<ul class=\"wp-block-list\"><\/ul>\n\n\n\n<div class=\"wp-block-buttons is-content-justification-center is-layout-flex wp-container-core-buttons-is-layout-3e41869c wp-block-buttons-is-layout-flex\">\n<div class=\"wp-block-button\"><a class=\"wp-block-button__link has-white-color has-text-color has-background has-link-color has-custom-font-size wp-element-button\" href=\"https:\/\/holisticecoyoga.com\/\" style=\"border-radius:9px;background-color:#3c553b;font-size:clamp(14.642px, 0.915rem + ((1vw - 3.2px) * 0.809), 22px);\"><strong>Holistic Ecoyoga website \u2013 HEY<\/strong><\/a><\/div>\n<\/div>\n\n\n\n<div style=\"height:22px\" aria-hidden=\"true\" class=\"wp-block-spacer\"><\/div>\n\n\n\n<p class=\"has-text-align-center wp-block-paragraph\" style=\"margin-right:var(--wp--preset--spacing--70);margin-left:var(--wp--preset--spacing--70);font-size:clamp(14px, 0.875rem + ((1vw - 3.2px) * 0.33), 17px);\">Yoga teacher training and practice accredited by Yoga Alliance (RYS500, E-RYT500, YACEP). Courses valid towards the official Certificate of Professional Competence in Yoga Instruction. Our own structured and rigorous methods that combine tradition with contemporary teaching standards.<\/p>\n\n\n\n<div style=\"height:37px\" aria-hidden=\"true\" class=\"wp-block-spacer\"><\/div>\n\n\n\n<p class=\"has-text-align-center wp-block-paragraph\" style=\"font-size:clamp(15.747px, 0.984rem + ((1vw - 3.2px) * 0.907), 24px);\"><em><strong>Umanagea<\/strong><\/em><\/p>\n\n\n\n<div class=\"wp-block-buttons is-content-justification-center is-layout-flex wp-container-core-buttons-is-layout-3e41869c wp-block-buttons-is-layout-flex\">\n<div class=\"wp-block-button\"><a class=\"wp-block-button__link has-white-color has-text-color has-background has-link-color has-custom-font-size wp-element-button\" href=\"https:\/\/umanagea.com\/\" style=\"border-radius:9px;background-color:#87ae82;font-size:clamp(14.642px, 0.915rem + ((1vw - 3.2px) * 0.809), 22px);\"><strong>WEB <\/strong>Umanagea<\/a><\/div>\n<\/div>\n\n\n\n<div style=\"height:22px\" aria-hidden=\"true\" class=\"wp-block-spacer\"><\/div>\n\n\n\n<p class=\"has-text-align-center wp-block-paragraph\" style=\"margin-right:var(--wp--preset--spacing--70);margin-left:var(--wp--preset--spacing--70);font-size:clamp(14px, 0.875rem + ((1vw - 3.2px) * 0.33), 17px);\">Training in inhabited nature and forms of ecotherapy: forest bathing, ecopsychology, mindful walking, ecosomatics, nature journaling\u2026 Processes that restore individual health and our relationship with the environment.<\/p>\n\n\n\n<div style=\"height:37px\" aria-hidden=\"true\" class=\"wp-block-spacer\"><\/div>\n\n\n\n<p class=\"has-text-align-center wp-block-paragraph\" style=\"font-size:clamp(15.747px, 0.984rem + ((1vw - 3.2px) * 0.907), 24px);\"><em><strong>Geolatra<\/strong><\/em><\/p>\n\n\n\n<div class=\"wp-block-buttons is-content-justification-center is-layout-flex wp-container-core-buttons-is-layout-3e41869c wp-block-buttons-is-layout-flex\">\n<div class=\"wp-block-button\"><a class=\"wp-block-button__link has-white-color has-text-color has-background has-link-color has-custom-font-size wp-element-button\" href=\"https:\/\/geolatra.com\/\" style=\"border-radius:9px;background-color:#839135;font-size:clamp(14.642px, 0.915rem + ((1vw - 3.2px) * 0.809), 22px);\"><strong>GE\u00d3LATRA WEBSITE<\/strong><\/a><\/div>\n<\/div>\n\n\n\n<div style=\"height:22px\" aria-hidden=\"true\" class=\"wp-block-spacer\"><\/div>\n\n\n\n<p class=\"has-text-align-center wp-block-paragraph\" style=\"margin-right:var(--wp--preset--spacing--70);margin-left:var(--wp--preset--spacing--70);font-size:clamp(14px, 0.875rem + ((1vw - 3.2px) * 0.33), 17px);\">Interpretive trails, environmental education and workshops in the Sierra de Aracena and Picos de Aroche. Promoting the Earth Sciences and Biodiversity through geotourism and ecotourism<\/p>\n\n\n\n<div style=\"height:37px\" aria-hidden=\"true\" class=\"wp-block-spacer\"><\/div>\n\n\n\n<figure class=\"wp-block-image aligncenter size-large is-resized\"><img decoding=\"async\" width=\"2560\" height=\"1440\" src=\"https:\/\/helenachacon.com\/wp-content\/uploads\/2022\/12\/Foto-39-edited-scaled.jpg\" alt=\"\" class=\"wp-image-407\" style=\"width:593px;height:334px\" srcset=\"https:\/\/helenachacon.com\/wp-content\/uploads\/2022\/12\/Foto-39-edited-scaled.jpg 2560w, https:\/\/helenachacon.com\/wp-content\/uploads\/2022\/12\/Foto-39-edited-300x169.jpg 300w, https:\/\/helenachacon.com\/wp-content\/uploads\/2022\/12\/Foto-39-edited-1024x576.jpg 1024w, https:\/\/helenachacon.com\/wp-content\/uploads\/2022\/12\/Foto-39-edited-768x432.jpg 768w, https:\/\/helenachacon.com\/wp-content\/uploads\/2022\/12\/Foto-39-edited-1536x864.jpg 1536w, https:\/\/helenachacon.com\/wp-content\/uploads\/2022\/12\/Foto-39-edited-2048x1152.jpg 2048w\" sizes=\"(max-width: 2560px) 100vw, 2560px\" \/><\/figure>\n\n\n\n<div style=\"height:25px\" aria-hidden=\"true\" class=\"wp-block-spacer\"><\/div>\n\n\n\n<h4 class=\"wp-block-heading has-text-align-center\">Credentials<\/h4>\n\n\n\n<h2 class=\"wp-block-heading has-text-align-center\">Education and Career<\/h2>\n\n\n\n<p class=\"has-text-align-center wp-block-paragraph\" style=\"margin-right:var(--wp--preset--spacing--70);margin-left:var(--wp--preset--spacing--70);font-size:clamp(14px, 0.875rem + ((1vw - 3.2px) * 0.33), 17px);\">A yoga practitioner since 1999 and a teacher since 2006. A certified forest bathing guide (TMT) since 2022. Over twenty years of ongoing training in yoga, traditional medicine, natural therapies and nature.<\/p>\n\n\n\n<div style=\"height:25px\" aria-hidden=\"true\" class=\"wp-block-spacer\"><\/div>\n\n\n\n<p class=\"has-text-align-center wp-block-paragraph\" style=\"font-size:clamp(15.747px, 0.984rem + ((1vw - 3.2px) * 0.907), 24px);\"><em><strong>Formal education<\/strong><\/em><\/p>\n\n\n\n<p class=\"has-text-align-center wp-block-paragraph\" style=\"margin-right:var(--wp--preset--spacing--70);margin-left:var(--wp--preset--spacing--70);font-size:clamp(14px, 0.875rem + ((1vw - 3.2px) * 0.33), 17px);\">PhD in Geology with a European qualification, specialising in Petrology and Geochemistry (2006) \u00b7 Dissertation as part of the \u00abEarth and Environmental Sciences\u00bb PhD Programme in 2002 \u00b7  Bachelor\u2019s Degree in Geology, University of Huelva (2000) \u00b7 Certificate of Professional Competence in Yoga Instruction AFDA0311 (2018) \u00b7 Teacher Training Course (2005)<\/p>\n\n\n\n<div style=\"height:25px\" aria-hidden=\"true\" class=\"wp-block-spacer\"><\/div>\n\n\n\n<p class=\"has-text-align-center wp-block-paragraph\" style=\"font-size:clamp(15.747px, 0.984rem + ((1vw - 3.2px) * 0.907), 24px);\"><em><strong>Yoga and Meditation<\/strong><\/em><\/p>\n\n\n\n<p class=\"has-text-align-center wp-block-paragraph\" style=\"margin-right:var(--wp--preset--spacing--70);margin-left:var(--wp--preset--spacing--70);font-size:clamp(14px, 0.875rem + ((1vw - 3.2px) * 0.33), 17px);\">Hatha Yoga RYT200 (Samyak Yoga, India) \u00b7 Hatha Vinyasa RYT300 (YogaShala Institute) \u00b7 Rocket \u00b7 AcroYoga (Yoga Beyond, Bali) \u00b7 Yin Yoga with Paul Grilley \u00b7 Yoga Nidra \u00b7 OSHO\u00ae Active Meditations by Garimo Ackermann<\/p>\n\n\n\n<div style=\"height:25px\" aria-hidden=\"true\" class=\"wp-block-spacer\"><\/div>\n\n\n\n<p class=\"has-text-align-center wp-block-paragraph\" style=\"font-size:clamp(15.747px, 0.984rem + ((1vw - 3.2px) * 0.907), 24px);\"><em><strong>Traditional medicines and therapies<\/strong><\/em><\/p>\n\n\n\n<p class=\"has-text-align-center wp-block-paragraph\" style=\"margin-right:var(--wp--preset--spacing--70);margin-left:var(--wp--preset--spacing--70);font-size:clamp(14px, 0.875rem + ((1vw - 3.2px) * 0.33), 17px);\">Advanced Diploma in Acupuncture, Traditional Chinese Medicine (TCM) \u00b7 Ayurvedic Therapist (India) \u00b7 Crystal Therapy (Crystal Academy of Advanced Healing Arts) \u00b7 Bach Flower Remedies \u00b7 Scientific and Ayurvedic Aromatherapy \u00b7  Natural Cosmetics \u00b7  Reiki Master \u00b7 Chiromassage, Ayurvedic massage and traditional Thai massage<\/p>\n\n\n\n<div style=\"height:25px\" aria-hidden=\"true\" class=\"wp-block-spacer\"><\/div>\n\n\n\n<p class=\"has-text-align-center wp-block-paragraph\" style=\"font-size:clamp(15.747px, 0.984rem + ((1vw - 3.2px) * 0.907), 24px);\"><em><strong>Nature<\/strong><\/em><\/p>\n\n\n\n<p class=\"has-text-align-center wp-block-paragraph\" style=\"margin-right:var(--wp--preset--spacing--70);margin-left:var(--wp--preset--spacing--70);font-size:clamp(14px, 0.875rem + ((1vw - 3.2px) * 0.33), 17px);\">TMT Forest Bathing Professional Guide \u00b7 Natural Mindfulness Guide (Ian Banyard) \u00b7 Nature Guide \u00b7 Ecotourism<\/p>\n\n\n\n<div style=\"height:25px\" aria-hidden=\"true\" class=\"wp-block-spacer\"><\/div>\n\n\n\n<h2 class=\"wp-block-heading has-text-align-center\">Shall we get started?<\/h2>\n\n\n\n<p class=\"has-text-align-center wp-block-paragraph\" style=\"margin-right:var(--wp--preset--spacing--70);margin-left:var(--wp--preset--spacing--70);font-size:clamp(14px, 0.875rem + ((1vw - 3.2px) * 0.33), 17px);\">If you\u2019ve got this far, it means something has struck a chord with you. Tell me what you\u2019re looking for and we\u2019ll see where it makes sense to start.<\/p>\n\n\n\n<ul class=\"wp-block-list\"><\/ul>\n\n\n\n<ul class=\"wp-block-list\"><\/ul>\n\n\n\n<ul class=\"wp-block-list\"><\/ul>\n\n\n\n<ul class=\"wp-block-list\"><\/ul>\n\n\n\n<ul class=\"wp-block-list\"><\/ul>\n\n\n\n<ul class=\"wp-block-list\"><\/ul>\n\n\n\n<figure class=\"wp-block-image aligncenter size-large is-resized\"><img loading=\"lazy\" decoding=\"async\" width=\"1024\" height=\"579\" src=\"https:\/\/helenachacon.com\/wp-content\/uploads\/2022\/12\/helena-web-7-1024x579.jpg\" alt=\"\" class=\"wp-image-403\" style=\"width:600px;height:339px\" srcset=\"https:\/\/helenachacon.com\/wp-content\/uploads\/2022\/12\/helena-web-7-1024x579.jpg 1024w, https:\/\/helenachacon.com\/wp-content\/uploads\/2022\/12\/helena-web-7-300x170.jpg 300w, https:\/\/helenachacon.com\/wp-content\/uploads\/2022\/12\/helena-web-7-768x434.jpg 768w, https:\/\/helenachacon.com\/wp-content\/uploads\/2022\/12\/helena-web-7-1536x869.jpg 1536w, https:\/\/helenachacon.com\/wp-content\/uploads\/2022\/12\/helena-web-7-2048x1158.jpg 2048w\" sizes=\"(max-width: 1024px) 100vw, 1024px\" \/><\/figure>\n\n\n\n<ul class=\"wp-block-list\"><\/ul>\n\n\n\n<ul class=\"wp-block-list\"><\/ul>\n\n\n\n<ul class=\"wp-block-list\"><\/ul>\n\n\n\n<ul class=\"wp-block-list\"><\/ul>\n\n\n\n<ul class=\"wp-block-list\"><\/ul>\n\n\n\n<ul class=\"wp-block-list\"><\/ul>\n\n\n\n<ul class=\"wp-block-list\"><\/ul>\n\n\n\n<ul class=\"wp-block-list\"><\/ul>\n\n\n\n<ul class=\"wp-block-list\"><\/ul>\n\n\n\n<ul class=\"wp-block-list\"><\/ul>\n\n\n\n<ul class=\"wp-block-list\"><\/ul>\n\n\n\n<ul class=\"wp-block-list\"><\/ul>","protected":false},"excerpt":{"rendered":"<p>I hold a PhD in Geology, have been a yoga teacher and trainer since 2006, and am a nature illustrator. My journey brings together science and sensitivity to help us learn to inhabit our bodies and the land, drawing on the Sierra de Aracena and the Picos de Aroche.<\/p>","protected":false},"author":1,"featured_media":397,"parent":0,"menu_order":0,"comment_status":"closed","ping_status":"closed","template":"","meta":{"footnotes":""},"class_list":["post-68","page","type-page","status-publish","has-post-thumbnail","hentry"],"yoast_head":"<!-- This site is optimized with the Yoast SEO plugin v27.8 - https:\/\/yoast.com\/product\/yoast-seo-wordpress\/ -->\n<title>Helena Chac\u00f3n PhD - Helena Chac\u00f3n<\/title>\n<meta name=\"description\" content=\"Recorrido personal y profesional de Helena Chac\u00f3n PhD. Cuerpo, Salud y Naturaleza en la Sierra de Aracena y Picos de Aroche (Huelva)\" \/>\n<meta name=\"robots\" content=\"index, follow, max-snippet:-1, max-image-preview:large, max-video-preview:-1\" \/>\n<link rel=\"canonical\" href=\"https:\/\/helenachacon.com\/en\/who\/\" \/>\n<meta property=\"og:locale\" content=\"en_GB\" \/>\n<meta property=\"og:type\" content=\"article\" \/>\n<meta property=\"og:title\" content=\"Helena Chac\u00f3n PhD - Helena Chac\u00f3n\" \/>\n<meta property=\"og:description\" content=\"Recorrido personal y profesional de Helena Chac\u00f3n PhD. Cuerpo, Salud y Naturaleza en la Sierra de Aracena y Picos de Aroche (Huelva)\" \/>\n<meta property=\"og:url\" content=\"https:\/\/helenachacon.com\/en\/who\/\" \/>\n<meta property=\"og:site_name\" content=\"Helena Chac\u00f3n\" \/>\n<meta property=\"article:modified_time\" content=\"2026-07-20T17:55:02+00:00\" \/>\n<meta property=\"og:image\" content=\"https:\/\/helenachacon.com\/wp-content\/uploads\/2022\/12\/helena-web-11-edited-scaled.jpg\" \/>\n\t<meta property=\"og:image:width\" content=\"2560\" \/>\n\t<meta property=\"og:image:height\" content=\"1440\" \/>\n\t<meta property=\"og:image:type\" content=\"image\/jpeg\" \/>\n<meta name=\"twitter:card\" content=\"summary_large_image\" \/>\n<meta name=\"twitter:label1\" content=\"Estimated reading time\" \/>\n\t<meta name=\"twitter:data1\" content=\"6 minutes\" \/>\n<script type=\"application\/ld+json\" class=\"yoast-schema-graph\">{\"@context\":\"https:\\\/\\\/schema.org\",\"@graph\":[{\"@type\":\"WebPage\",\"@id\":\"https:\\\/\\\/helenachacon.com\\\/quien\\\/\",\"url\":\"https:\\\/\\\/helenachacon.com\\\/quien\\\/\",\"name\":\"Helena Chac\u00f3n PhD - Helena Chac\u00f3n\",\"isPartOf\":{\"@id\":\"https:\\\/\\\/helenachacon.com\\\/#website\"},\"primaryImageOfPage\":{\"@id\":\"https:\\\/\\\/helenachacon.com\\\/quien\\\/#primaryimage\"},\"image\":{\"@id\":\"https:\\\/\\\/helenachacon.com\\\/quien\\\/#primaryimage\"},\"thumbnailUrl\":\"https:\\\/\\\/helenachacon.com\\\/wp-content\\\/uploads\\\/2022\\\/12\\\/helena-web-11-edited-scaled.jpg\",\"datePublished\":\"2022-12-14T15:33:34+00:00\",\"dateModified\":\"2026-07-20T17:55:02+00:00\",\"description\":\"Recorrido personal y profesional de Helena Chac\u00f3n PhD. Cuerpo, Salud y Naturaleza en la Sierra de Aracena y Picos de Aroche (Huelva)\",\"breadcrumb\":{\"@id\":\"https:\\\/\\\/helenachacon.com\\\/quien\\\/#breadcrumb\"},\"inLanguage\":\"en-GB\",\"potentialAction\":[{\"@type\":\"ReadAction\",\"target\":[\"https:\\\/\\\/helenachacon.com\\\/quien\\\/\"]}]},{\"@type\":\"ImageObject\",\"inLanguage\":\"en-GB\",\"@id\":\"https:\\\/\\\/helenachacon.com\\\/quien\\\/#primaryimage\",\"url\":\"https:\\\/\\\/helenachacon.com\\\/wp-content\\\/uploads\\\/2022\\\/12\\\/helena-web-11-edited-scaled.jpg\",\"contentUrl\":\"https:\\\/\\\/helenachacon.com\\\/wp-content\\\/uploads\\\/2022\\\/12\\\/helena-web-11-edited-scaled.jpg\",\"width\":2560,\"height\":1440},{\"@type\":\"BreadcrumbList\",\"@id\":\"https:\\\/\\\/helenachacon.com\\\/quien\\\/#breadcrumb\",\"itemListElement\":[{\"@type\":\"ListItem\",\"position\":1,\"name\":\"Portada\",\"item\":\"https:\\\/\\\/helenachacon.com\\\/\"},{\"@type\":\"ListItem\",\"position\":2,\"name\":\"Helena Chac\u00f3n PhD\"}]},{\"@type\":\"WebSite\",\"@id\":\"https:\\\/\\\/helenachacon.com\\\/#website\",\"url\":\"https:\\\/\\\/helenachacon.com\\\/\",\"name\":\"Helena Chac\u00f3n\",\"description\":\"Website de Helena Chac\u00f3n\",\"alternateName\":\"Helena Chac\u00f3n PhD\",\"potentialAction\":[{\"@type\":\"SearchAction\",\"target\":{\"@type\":\"EntryPoint\",\"urlTemplate\":\"https:\\\/\\\/helenachacon.com\\\/?s={search_term_string}\"},\"query-input\":{\"@type\":\"PropertyValueSpecification\",\"valueRequired\":true,\"valueName\":\"search_term_string\"}}],\"inLanguage\":\"en-GB\"}]}<\/script>\n<!-- \/ Yoast SEO plugin. -->","yoast_head_json":{"title":"Helena Chac\u00f3n, PhD \u2013 Helena Chac\u00f3n","description":"The personal and professional journey of Helena Chac\u00f3n, PhD: Body, Health and Nature in the Sierra de Aracena and Picos de Aroche (Huelva)","robots":{"index":"index","follow":"follow","max-snippet":"max-snippet:-1","max-image-preview":"max-image-preview:large","max-video-preview":"max-video-preview:-1"},"canonical":"https:\/\/helenachacon.com\/en\/who\/","og_locale":"en_GB","og_type":"article","og_title":"Helena Chac\u00f3n PhD - Helena Chac\u00f3n","og_description":"Recorrido personal y profesional de Helena Chac\u00f3n PhD. Cuerpo, Salud y Naturaleza en la Sierra de Aracena y Picos de Aroche (Huelva)","og_url":"https:\/\/helenachacon.com\/en\/who\/","og_site_name":"Helena Chac\u00f3n","article_modified_time":"2026-07-20T17:55:02+00:00","og_image":[{"width":2560,"height":1440,"url":"https:\/\/helenachacon.com\/wp-content\/uploads\/2022\/12\/helena-web-11-edited-scaled.jpg","type":"image\/jpeg"}],"twitter_card":"summary_large_image","twitter_misc":{"Estimated reading time":"6 minutes"},"schema":{"@context":"https:\/\/schema.org","@graph":[{"@type":"WebPage","@id":"https:\/\/helenachacon.com\/quien\/","url":"https:\/\/helenachacon.com\/quien\/","name":"Helena Chac\u00f3n, PhD \u2013 Helena Chac\u00f3n","isPartOf":{"@id":"https:\/\/helenachacon.com\/#website"},"primaryImageOfPage":{"@id":"https:\/\/helenachacon.com\/quien\/#primaryimage"},"image":{"@id":"https:\/\/helenachacon.com\/quien\/#primaryimage"},"thumbnailUrl":"https:\/\/helenachacon.com\/wp-content\/uploads\/2022\/12\/helena-web-11-edited-scaled.jpg","datePublished":"2022-12-14T15:33:34+00:00","dateModified":"2026-07-20T17:55:02+00:00","description":"The personal and professional journey of Helena Chac\u00f3n, PhD: Body, Health and Nature in the Sierra de Aracena and Picos de Aroche (Huelva)","breadcrumb":{"@id":"https:\/\/helenachacon.com\/quien\/#breadcrumb"},"inLanguage":"en-GB","potentialAction":[{"@type":"ReadAction","target":["https:\/\/helenachacon.com\/quien\/"]}]},{"@type":"ImageObject","inLanguage":"en-GB","@id":"https:\/\/helenachacon.com\/quien\/#primaryimage","url":"https:\/\/helenachacon.com\/wp-content\/uploads\/2022\/12\/helena-web-11-edited-scaled.jpg","contentUrl":"https:\/\/helenachacon.com\/wp-content\/uploads\/2022\/12\/helena-web-11-edited-scaled.jpg","width":2560,"height":1440},{"@type":"BreadcrumbList","@id":"https:\/\/helenachacon.com\/quien\/#breadcrumb","itemListElement":[{"@type":"ListItem","position":1,"name":"Portada","item":"https:\/\/helenachacon.com\/"},{"@type":"ListItem","position":2,"name":"Helena Chac\u00f3n PhD"}]},{"@type":"WebSite","@id":"https:\/\/helenachacon.com\/#website","url":"https:\/\/helenachacon.com\/","name":"Helena Chac\u00f3n","description":"Helena Chac\u00f3n\u2019s website","alternateName":"Helena Chac\u00f3n PhD","potentialAction":[{"@type":"SearchAction","target":{"@type":"EntryPoint","urlTemplate":"https:\/\/helenachacon.com\/?s={search_term_string}"},"query-input":{"@type":"PropertyValueSpecification","valueRequired":true,"valueName":"search_term_string"}}],"inLanguage":"en-GB"}]}},"_links":{"self":[{"href":"https:\/\/helenachacon.com\/en\/wp-json\/wp\/v2\/pages\/68","targetHints":{"allow":["GET"]}}],"collection":[{"href":"https:\/\/helenachacon.com\/en\/wp-json\/wp\/v2\/pages"}],"about":[{"href":"https:\/\/helenachacon.com\/en\/wp-json\/wp\/v2\/types\/page"}],"author":[{"embeddable":true,"href":"https:\/\/helenachacon.com\/en\/wp-json\/wp\/v2\/users\/1"}],"replies":[{"embeddable":true,"href":"https:\/\/helenachacon.com\/en\/wp-json\/wp\/v2\/comments?post=68"}],"version-history":[{"count":41,"href":"https:\/\/helenachacon.com\/en\/wp-json\/wp\/v2\/pages\/68\/revisions"}],"predecessor-version":[{"id":1539,"href":"https:\/\/helenachacon.com\/en\/wp-json\/wp\/v2\/pages\/68\/revisions\/1539"}],"wp:featuredmedia":[{"embeddable":true,"href":"https:\/\/helenachacon.com\/en\/wp-json\/wp\/v2\/media\/397"}],"wp:attachment":[{"href":"https:\/\/helenachacon.com\/en\/wp-json\/wp\/v2\/media?parent=68"}],"curies":[{"name":"wp","href":"https:\/\/api.w.org\/{rel}","templated":true}]}}